{"id":587,"date":"2024-07-08T15:00:49","date_gmt":"2024-07-08T13:00:49","guid":{"rendered":"https:\/\/gg.zacher.media\/?page_id=587"},"modified":"2025-08-13T10:52:41","modified_gmt":"2025-08-13T08:52:41","slug":"presse","status":"publish","type":"page","link":"https:\/\/gg.zacher.media\/es\/presse\/","title":{"rendered":"Prensa"},"content":{"rendered":"<p>[et_pb_section fb_built=&#8220;1&#8243; _builder_version=&#8220;4.26.1&#8243; _module_preset=&#8220;default&#8220; background_color=&#8220;#ffffff&#8220; background_enable_image=&#8220;off&#8220; parallax=&#8220;on&#8220; parallax_method=&#8220;off&#8220; background_blend=&#8220;overlay&#8220; custom_padding=&#8220;0px||0px||false|false&#8220; bottom_divider_color=&#8220;#DFDBD8&#8243; da_disable_devices=&#8220;off|off|off&#8220; global_colors_info=&#8220;{}&#8220; da_is_popup=&#8220;off&#8220; da_exit_intent=&#8220;off&#8220; da_has_close=&#8220;on&#8220; da_alt_close=&#8220;off&#8220; da_dark_close=&#8220;off&#8220; da_not_modal=&#8220;on&#8220; da_is_singular=&#8220;off&#8220; da_with_loader=&#8220;off&#8220; da_has_shadow=&#8220;on&#8220;][et_pb_row column_structure=&#8220;2_5,3_5&#8243; use_custom_gutter=&#8220;on&#8220; gutter_width=&#8220;1&#8243; make_equal=&#8220;on&#8220; module_class=&#8220;custom_row&#8220; _builder_version=&#8220;4.27.4&#8243; _module_preset=&#8220;default&#8220; width=&#8220;100%&#8220; max_width=&#8220;3500px&#8220; min_height=&#8220;68vh&#8220; min_height_tablet=&#8220;85vh&#8220; min_height_phone=&#8220;85vh&#8220; min_height_last_edited=&#8220;on|desktop&#8220; custom_padding=&#8220;0px||0px||false|false&#8220; global_colors_info=&#8220;{}&#8220;][et_pb_column type=&#8220;2_5&#8243; module_class=&#8220;second-on-mobile&#8220; _builder_version=&#8220;4.27.4&#8243; _module_preset=&#8220;default&#8220; custom_padding=&#8220;|3vw||3vw|true|true&#8220; custom_padding_tablet=&#8220;5vh|10vw|5vh|10vw|true|true&#8220; custom_padding_phone=&#8220;5vh|10vw|5vh|10vw|true|true&#8220; custom_padding_last_edited=&#8220;on|tablet&#8220; custom_css_main_element=&#8220;margin:auto;&#8220; global_colors_info=&#8220;{}&#8220;][et_pb_text _builder_version=&#8220;4.27.4&#8243; _module_preset=&#8220;default&#8220; text_text_color=&#8220;#000000&#8243; header_text_align=&#8220;left&#8220; header_text_color=&#8220;#000000&#8243; header_font_size=&#8220;70px&#8220; header_font_size_tablet=&#8220;42px&#8220; header_font_size_phone=&#8220;32px&#8220; header_font_size_last_edited=&#8220;on|tablet&#8220; global_colors_info=&#8220;{}&#8220;]<\/p>\n<h1><strong>Presse<\/strong><\/h1>\n<p><strong><\/strong><\/p>\n<p>Gerne stehen wir Journalistinnen und Journalisten bei Anfragen zu den Marken und zum Unternehmen, aber auch f\u00fcr Bildmaterial und Produktdaten zur Verf\u00fcgung. Fordern Sie gerne unsere Pressemappe an und lassen Sie sich f\u00fcr den Presseverteiler registrieren. F\u00fcllen Sie dazu einfach das Kontaktformular aus oder sprechen Sie uns direkt an.<\/p>\n<p>[\/et_pb_text][\/et_pb_column][et_pb_column type=&#8220;3_5&#8243; _builder_version=&#8220;4.27.4&#8243; _module_preset=&#8220;default&#8220; background_image=&#8220;https:\/\/gg.zacher.media\/wp-content\/uploads\/Sense-of-Nature_1.jpg&#8220; background_last_edited=&#8220;on|phone&#8220; background_image_tablet=&#8220;https:\/\/gg.zacher.media\/wp-content\/uploads\/Messe_1-1.jpg&#8220; background_enable_image_tablet=&#8220;on&#8220; parallax_tablet=&#8220;off&#8220; border_radii=&#8220;off||||700px&#8220; global_colors_info=&#8220;{}&#8220;][et_pb_divider show_divider=&#8220;off&#8220; _builder_version=&#8220;4.26.1&#8243; _module_preset=&#8220;default&#8220; min_height_tablet=&#8220;55vh&#8220; min_height_phone=&#8220;55vh&#8220; min_height_last_edited=&#8220;on|tablet&#8220; global_colors_info=&#8220;{}&#8220;][\/et_pb_divider][\/et_pb_column][\/et_pb_row][\/et_pb_section][et_pb_section fb_built=&#8220;1&#8243; _builder_version=&#8220;4.26.1&#8243; _module_preset=&#8220;default&#8220; da_disable_devices=&#8220;off|off|off&#8220; global_colors_info=&#8220;{}&#8220; da_is_popup=&#8220;off&#8220; da_exit_intent=&#8220;off&#8220; da_has_close=&#8220;on&#8220; da_alt_close=&#8220;off&#8220; da_dark_close=&#8220;off&#8220; da_not_modal=&#8220;on&#8220; da_is_singular=&#8220;off&#8220; da_with_loader=&#8220;off&#8220; da_has_shadow=&#8220;on&#8220;][et_pb_row _builder_version=&#8220;4.26.1&#8243; _module_preset=&#8220;default&#8220; custom_padding=&#8220;||0px||false|false&#8220; locked=&#8220;off&#8220; global_colors_info=&#8220;{}&#8220;][et_pb_column type=&#8220;4_4&#8243; _builder_version=&#8220;4.26.1&#8243; _module_preset=&#8220;default&#8220; global_colors_info=&#8220;{}&#8220;][et_pb_text _builder_version=&#8220;4.26.1&#8243; _module_preset=&#8220;default&#8220; text_text_color=&#8220;#000000&#8243; header_2_font=&#8220;|||on|||||&#8220; header_2_font_size=&#8220;36px&#8220; custom_margin=&#8220;||10px||false|false&#8220; custom_padding=&#8220;||||false|false&#8220; header_2_text_align_tablet=&#8220;left&#8220; header_2_text_align_last_edited=&#8220;off|tablet&#8220; locked=&#8220;off&#8220; global_colors_info=&#8220;{}&#8220;]<\/p>\n<h2>GILDE Presse&shy;mitteilungen<\/h2>\n<p>[\/et_pb_text][\/et_pb_column][\/et_pb_row][et_pb_row column_structure=&#8220;2_3,1_3&#8243; _builder_version=&#8220;4.26.1&#8243; _module_preset=&#8220;default&#8220; global_colors_info=&#8220;{}&#8220;][et_pb_column type=&#8220;2_3&#8243; _builder_version=&#8220;4.26.1&#8243; _module_preset=&#8220;default&#8220; global_colors_info=&#8220;{}&#8220;][et_pb_text _builder_version=&#8220;4.26.1&#8243; _module_preset=&#8220;default&#8220; text_text_color=&#8220;#000000&#8243; custom_padding=&#8220;||||false|false&#8220; locked=&#8220;off&#8220; global_colors_info=&#8220;{}&#8220;]<\/p>\n<p>Haben Sie Freude an allen Dingen, die das Wohnen sch\u00f6ner und das Leben lebenswerter machen? Interessieren Sie sich f\u00fcr die Geschichten hinter den Trends und Themen? GILDE befasst sich seit \u00fcber 60 Jahren mit Einrichtungstrends und Wohnwelten. Gerade die dekorativen Elemente f\u00fcr Innen- und Au\u00dfenr\u00e4ume machen eine individuelle und pers\u00f6nliche Atmosph\u00e4re aus.<\/p>\n<p>In den Pressemitteilungen rund um Neues aus den Dekorationswelten ver\u00f6ffentlichen wir Zusatzinformationen \u00fcber die Marken von GILDE und stellen Aktuelles zu Wohnen, Schenken und Dekorieren vor.<\/p>\n<p>[\/et_pb_text][et_pb_button button_url=&#8220;@ET-DC@eyJkeW5hbWljIjp0cnVlLCJjb250ZW50IjoicG9zdF9saW5rX3VybF9hdHRhY2htZW50Iiwic2V0dGluZ3MiOnsicG9zdF9pZCI6IjQ2MjgifX0=@&#8220; url_new_window=&#8220;on&#8220; button_text=&#8220;Download Imagebrosch\u00fcre 2025&#8243; _builder_version=&#8220;4.27.4&#8243; _dynamic_attributes=&#8220;button_url&#8220; _module_preset=&#8220;default&#8220; custom_button=&#8220;on&#8220; button_text_size=&#8220;20px&#8220; button_text_color=&#8220;#ffffff&#8220; button_bg_color=&#8220;#BBAC94&#8243; button_border_width=&#8220;0px&#8220; button_border_radius=&#8220;0px&#8220; button_font=&#8220;|||on|||||&#8220; button_use_icon=&#8220;off&#8220; custom_margin=&#8220;||||false|false&#8220; custom_padding=&#8220;10px|30px|10px|30px|true|true&#8220; hover_enabled=&#8220;0&#8243; locked=&#8220;off&#8220; global_colors_info=&#8220;{}&#8220; button_icon_color__hover_enabled=&#8220;off|desktop&#8220; button_icon_color__hover=&#8220;#778BB6&#8243; sticky_enabled=&#8220;0&#8243;][\/et_pb_button][\/et_pb_column][et_pb_column type=&#8220;1_3&#8243; _builder_version=&#8220;4.26.1&#8243; _module_preset=&#8220;default&#8220; global_colors_info=&#8220;{}&#8220;][difl_advanced_person image_wrapper_max_width=&#8220;35%&#8220; image_wrapper_zindex=&#8220;9999&#8243; image_alignment=&#8220;auto 0&#8243; ap_name=&#8220;A. Storcks&#8220; ap_role=&#8220;Ansprechpartnerin&#8220; ap_description=&#8220;<\/p>\n<p>Tel.: +49 2871 188-0<br \/>presse@gildehandwerk.de<\/p>\n<p>&#8220; content_background_bgcolor=&#8220;#ffffff&#8220; ap_email=&#8220;presse@gildehandwerk.de&#8220; ap_phone=&#8220;004928711880&#8243; social_section_align=&#8220;center&#8220; icon_size=&#8220;24px&#8220; icon_color=&#8220;#BCBCAC&#8220; module_wrapper_margin=&#8220;||||false|false&#8220; image_wrapper_margin=&#8220;||-60px||false|false&#8220; image_wrapper_padding=&#8220;40px|0px|0px|40px|false|false&#8220; content_margin=&#8220;|2vw||2vw|false|true&#8220; content_padding=&#8220;80px|15px|30px|15px|false|true&#8220; social_wrapper_padding=&#8220;20px||||false|false&#8220; module_wrapper_margin_tablet=&#8220;|||-15px|false|false&#8220; module_wrapper_margin_phone=&#8220;|||-8px|false|false&#8220; module_wrapper_margin_last_edited=&#8220;on|phone&#8220; module_wrapper_padding_tablet=&#8220;|25vw|||false|false&#8220; module_wrapper_padding_phone=&#8220;|0vw|||false|false&#8220; module_wrapper_padding_last_edited=&#8220;on|tablet&#8220; image_wrapper_margin_tablet=&#8220;30px||-60px||false|false&#8220; image_wrapper_margin_phone=&#8220;20px||-55px||false|false&#8220; image_wrapper_margin_last_edited=&#8220;on|tablet&#8220; image_wrapper_padding_tablet=&#8220;40px||||false|false&#8220; image_wrapper_padding_phone=&#8220;40px||||false|false&#8220; image_wrapper_padding_last_edited=&#8220;on|tablet&#8220; content_padding_tablet=&#8220;40px|15px|30px|15px|false|true&#8220; content_padding_phone=&#8220;40px|15px|30px|15px|false|true&#8220; content_padding_last_edited=&#8220;on|phone&#8220; _builder_version=&#8220;4.27.4&#8243; _module_preset=&#8220;default&#8220; name_text_color=&#8220;#BCBCAC&#8220; name_font_size=&#8220;32px&#8220; name_line_height=&#8220;1.5em&#8220; role_text_color=&#8220;#000000&#8243; role_font_size=&#8220;20px&#8220; role_line_height=&#8220;1.5em&#8220; content_font=&#8220;|||on|||||&#8220; content_text_align=&#8220;center&#8220; content_text_color=&#8220;#000000&#8243; content_font_size=&#8220;15px&#8220; content_line_height=&#8220;1.7em&#8220; background_enable_color=&#8220;off&#8220; border_radii_content_border=&#8220;on|20px|20px|20px|20px&#8220; box_shadow_style_content_shadow=&#8220;preset2&#8243; box_shadow_color_content_shadow=&#8220;rgba(188,188,172,0.7)&#8220; locked=&#8220;off&#8220; global_colors_info=&#8220;{}&#8220; details_wrapper_margin__hover_enabled=&#8220;off|desktop&#8220;][\/difl_advanced_person][\/et_pb_column][\/et_pb_row][\/et_pb_section]<\/p>\n","protected":false},"excerpt":{"rendered":"<p>Prensa Estaremos encantados de atender a los periodistas que nos soliciten informaci\u00f3n sobre las marcas y la empresa, as\u00ed como material gr\u00e1fico y datos sobre los productos. Solicite nuestro dossier de prensa y reg\u00edstrese en nuestra lista de correo de prensa. S\u00f3lo tiene que rellenar el formulario de contacto o ponerse directamente en contacto con nosotros.GILDE Comunicados de prensa\u00bfLe gustan todas las cosas que hacen que vivir sea m\u00e1s bello y que merezca m\u00e1s la pena vivir? \u00bfLe interesan las historias que hay detr\u00e1s de las tendencias y los temas? GILDE lleva m\u00e1s de 60 a\u00f1os ocup\u00e1ndose de las tendencias en dise\u00f1o de interiores y entornos vitales. En particular, los elementos decorativos para espacios interiores y exteriores crean una atm\u00f3sfera individual y personal. En los comunicados de prensa sobre novedades del mundo de la decoraci\u00f3n publicamos informaci\u00f3n adicional sobre las marcas de GILDE y presentamos las \u00faltimas noticias sobre vivir, regalar y decorar.<div class=\"et_pb_with_border et_pb_module difl_advanced_person difl_advanced_person_0\">\n\t\t\t\t\n\t\t\t\t\n\t\t\t\t\n\t\t\t\t\n\t\t\t\t\n\t\t\t\t\n\t\t\t\t<div class=\"et_pb_module_inner\">\n\t\t\t\t\t<div class=\"df_ap_person_container df_ap_default_style\"> <div class=\"df_ap_person_wrapper no-image-scale\">\n                                    <div class=\"df_person_photo_wrapper\">\n                                    <div class=\"c4-izmir\">\n                                        \n                                        <div class=\"df_person_photo\">\n                                            \n                                        <\/div>\n                                        <figcaption class=\"df_ap_person_content\"><\/figcaption>\n                                    <\/div>\n                                <\/div>\n                                    <div class=\"df_ap_person_desc_wrapper\">\n                                        <div class=\"df_person_details\">\n                                            <h4  class=\"df_person_name\">A. Storcks<\/h4>\n                                            <h5  class=\"df_person_role\">Persona de contacto<\/h5>\n                                            <div class=\"df_person_description\"> Tel.: +49 2871 188-0presse@gildehandwerk.de<\/div>\n                                        <\/div>\n                                        <div class=\"df_person_socail_wrapper\">\n                                \n                                \n                                \n                                \n                                \n                                <a href=\"mailto:presse@gildehandwerk.de\" class=\"df_person_social_icon email\" target=\"_blank\" df-tooltip=\"Email\" title=\"\" aria-expanded=\"false\">\n            <span class=\"et-pb-icon socail_icon\">\ue076<\/span>\n        <\/a>\n                                <a href=\"tel:004928711880\" class=\"df_person_social_icon phone\" target=\"_blank\" df-tooltip=\"Phone\" title=\"\" aria-expanded=\"false\">\n            <span class=\"et-pb-icon socail_icon\">\ue090<\/span>\n        <\/a>             \n                            <\/div>\n                                    <\/div>\n                                <\/div><\/div>\n\t\t\t\t<\/div>\n\t\t\t<\/div><\/p>","protected":false},"author":1,"featured_media":0,"parent":0,"menu_order":0,"comment_status":"closed","ping_status":"closed","template":"","meta":{"_et_pb_use_builder":"on","_et_pb_old_content":"<!-- wp:divi\/placeholder \/-->","_et_gb_content_width":"","footnotes":""},"difl_page_category":[],"class_list":["post-587","page","type-page","status-publish","hentry"],"yoast_head":"<!-- This site is optimized with the Yoast SEO plugin v27.4 - https:\/\/yoast.com\/product\/yoast-seo-wordpress\/ -->\n<title>Presse - GILDE Gruppe<\/title>\n<meta name=\"robots\" content=\"index, follow, max-snippet:-1, max-image-preview:large, max-video-preview:-1\" \/>\n<link rel=\"canonical\" href=\"https:\/\/gg.zacher.media\/es\/presse\/\" \/>\n<meta property=\"og:locale\" content=\"es_ES\" \/>\n<meta property=\"og:type\" content=\"article\" \/>\n<meta property=\"og:title\" content=\"Presse - GILDE Gruppe\" \/>\n<meta property=\"og:description\" content=\"Presse Gerne stehen wir Journalistinnen und Journalisten bei Anfragen zu den Marken und zum Unternehmen, aber auch f\u00fcr Bildmaterial und Produktdaten zur Verf\u00fcgung. Fordern Sie gerne unsere Pressemappe an und lassen Sie sich f\u00fcr den Presseverteiler registrieren. F\u00fcllen Sie dazu einfach das Kontaktformular aus oder sprechen Sie uns direkt an.GILDE Presse&shy;mitteilungenHaben Sie Freude an allen Dingen, die das Wohnen sch\u00f6ner und das Leben lebenswerter machen? Interessieren Sie sich f\u00fcr die Geschichten hinter den Trends und Themen? GILDE befasst sich seit \u00fcber 60 Jahren mit Einrichtungstrends und Wohnwelten. Gerade die dekorativen Elemente f\u00fcr Innen- und Au\u00dfenr\u00e4ume machen eine individuelle und pers\u00f6nliche Atmosph\u00e4re aus. In den Pressemitteilungen rund um Neues aus den Dekorationswelten ver\u00f6ffentlichen wir Zusatzinformationen \u00fcber die Marken von GILDE und stellen Aktuelles zu Wohnen, Schenken und Dekorieren vor.\" \/>\n<meta property=\"og:url\" content=\"https:\/\/gg.zacher.media\/es\/presse\/\" \/>\n<meta property=\"og:site_name\" content=\"GILDE Gruppe\" \/>\n<meta property=\"article:modified_time\" content=\"2025-08-13T08:52:41+00:00\" \/>\n<meta name=\"twitter:card\" content=\"summary_large_image\" \/>\n<script type=\"application\/ld+json\" class=\"yoast-schema-graph\">{\"@context\":\"https:\\\/\\\/schema.org\",\"@graph\":[{\"@type\":\"WebPage\",\"@id\":\"https:\\\/\\\/gg.zacher.media\\\/presse\\\/\",\"url\":\"https:\\\/\\\/gg.zacher.media\\\/presse\\\/\",\"name\":\"Presse - GILDE Gruppe\",\"isPartOf\":{\"@id\":\"https:\\\/\\\/gg.zacher.media\\\/#website\"},\"datePublished\":\"2024-07-08T13:00:49+00:00\",\"dateModified\":\"2025-08-13T08:52:41+00:00\",\"breadcrumb\":{\"@id\":\"https:\\\/\\\/gg.zacher.media\\\/presse\\\/#breadcrumb\"},\"inLanguage\":\"es\",\"potentialAction\":[{\"@type\":\"ReadAction\",\"target\":[\"https:\\\/\\\/gg.zacher.media\\\/presse\\\/\"]}]},{\"@type\":\"BreadcrumbList\",\"@id\":\"https:\\\/\\\/gg.zacher.media\\\/presse\\\/#breadcrumb\",\"itemListElement\":[{\"@type\":\"ListItem\",\"position\":1,\"name\":\"Startseite\",\"item\":\"https:\\\/\\\/gg.zacher.media\\\/\"},{\"@type\":\"ListItem\",\"position\":2,\"name\":\"Presse\"}]},{\"@type\":\"WebSite\",\"@id\":\"https:\\\/\\\/gg.zacher.media\\\/#website\",\"url\":\"https:\\\/\\\/gg.zacher.media\\\/\",\"name\":\"GILDE Gruppe\",\"description\":\"\",\"potentialAction\":[{\"@type\":\"SearchAction\",\"target\":{\"@type\":\"EntryPoint\",\"urlTemplate\":\"https:\\\/\\\/gg.zacher.media\\\/?s={search_term_string}\"},\"query-input\":{\"@type\":\"PropertyValueSpecification\",\"valueRequired\":true,\"valueName\":\"search_term_string\"}}],\"inLanguage\":\"es\"}]}<\/script>\n<!-- \/ Yoast SEO plugin. -->","yoast_head_json":{"title":"Presse - GILDE Gruppe","robots":{"index":"index","follow":"follow","max-snippet":"max-snippet:-1","max-image-preview":"max-image-preview:large","max-video-preview":"max-video-preview:-1"},"canonical":"https:\/\/gg.zacher.media\/es\/presse\/","og_locale":"es_ES","og_type":"article","og_title":"Presse - GILDE Gruppe","og_description":"Presse Gerne stehen wir Journalistinnen und Journalisten bei Anfragen zu den Marken und zum Unternehmen, aber auch f\u00fcr Bildmaterial und Produktdaten zur Verf\u00fcgung. Fordern Sie gerne unsere Pressemappe an und lassen Sie sich f\u00fcr den Presseverteiler registrieren. F\u00fcllen Sie dazu einfach das Kontaktformular aus oder sprechen Sie uns direkt an.GILDE Presse&shy;mitteilungenHaben Sie Freude an allen Dingen, die das Wohnen sch\u00f6ner und das Leben lebenswerter machen? Interessieren Sie sich f\u00fcr die Geschichten hinter den Trends und Themen? GILDE befasst sich seit \u00fcber 60 Jahren mit Einrichtungstrends und Wohnwelten. Gerade die dekorativen Elemente f\u00fcr Innen- und Au\u00dfenr\u00e4ume machen eine individuelle und pers\u00f6nliche Atmosph\u00e4re aus. In den Pressemitteilungen rund um Neues aus den Dekorationswelten ver\u00f6ffentlichen wir Zusatzinformationen \u00fcber die Marken von GILDE und stellen Aktuelles zu Wohnen, Schenken und Dekorieren vor.","og_url":"https:\/\/gg.zacher.media\/es\/presse\/","og_site_name":"GILDE Gruppe","article_modified_time":"2025-08-13T08:52:41+00:00","twitter_card":"summary_large_image","schema":{"@context":"https:\/\/schema.org","@graph":[{"@type":"WebPage","@id":"https:\/\/gg.zacher.media\/presse\/","url":"https:\/\/gg.zacher.media\/presse\/","name":"Presse - GILDE Gruppe","isPartOf":{"@id":"https:\/\/gg.zacher.media\/#website"},"datePublished":"2024-07-08T13:00:49+00:00","dateModified":"2025-08-13T08:52:41+00:00","breadcrumb":{"@id":"https:\/\/gg.zacher.media\/presse\/#breadcrumb"},"inLanguage":"es","potentialAction":[{"@type":"ReadAction","target":["https:\/\/gg.zacher.media\/presse\/"]}]},{"@type":"BreadcrumbList","@id":"https:\/\/gg.zacher.media\/presse\/#breadcrumb","itemListElement":[{"@type":"ListItem","position":1,"name":"Startseite","item":"https:\/\/gg.zacher.media\/"},{"@type":"ListItem","position":2,"name":"Presse"}]},{"@type":"WebSite","@id":"https:\/\/gg.zacher.media\/#website","url":"https:\/\/gg.zacher.media\/","name":"Grupo GILDE","description":"","potentialAction":[{"@type":"SearchAction","target":{"@type":"EntryPoint","urlTemplate":"https:\/\/gg.zacher.media\/?s={search_term_string}"},"query-input":{"@type":"PropertyValueSpecification","valueRequired":true,"valueName":"search_term_string"}}],"inLanguage":"es"}]}},"_links":{"self":[{"href":"https:\/\/gg.zacher.media\/es\/wp-json\/wp\/v2\/pages\/587","targetHints":{"allow":["GET"]}}],"collection":[{"href":"https:\/\/gg.zacher.media\/es\/wp-json\/wp\/v2\/pages"}],"about":[{"href":"https:\/\/gg.zacher.media\/es\/wp-json\/wp\/v2\/types\/page"}],"author":[{"embeddable":true,"href":"https:\/\/gg.zacher.media\/es\/wp-json\/wp\/v2\/users\/1"}],"replies":[{"embeddable":true,"href":"https:\/\/gg.zacher.media\/es\/wp-json\/wp\/v2\/comments?post=587"}],"version-history":[{"count":10,"href":"https:\/\/gg.zacher.media\/es\/wp-json\/wp\/v2\/pages\/587\/revisions"}],"predecessor-version":[{"id":4629,"href":"https:\/\/gg.zacher.media\/es\/wp-json\/wp\/v2\/pages\/587\/revisions\/4629"}],"wp:attachment":[{"href":"https:\/\/gg.zacher.media\/es\/wp-json\/wp\/v2\/media?parent=587"}],"wp:term":[{"taxonomy":"difl_page_category","embeddable":true,"href":"https:\/\/gg.zacher.media\/es\/wp-json\/wp\/v2\/difl_page_category?post=587"}],"curies":[{"name":"wp","href":"https:\/\/api.w.org\/{rel}","templated":true}]}}